{"id":235,"date":"2022-08-03T09:05:23","date_gmt":"2022-08-03T12:05:23","guid":{"rendered":"https:\/\/tamarana.pr.gov.br\/novo\/?page_id=235"},"modified":"2024-11-25T14:34:39","modified_gmt":"2024-11-25T17:34:39","slug":"noticias","status":"publish","type":"page","link":"https:\/\/tamarana.pr.gov.br\/novo\/noticias\/","title":{"rendered":"Not\u00edcias"},"content":{"rendered":"\t\t<div data-elementor-type=\"wp-page\" data-elementor-id=\"235\" class=\"elementor elementor-235\" data-elementor-post-type=\"page\">\n\t\t\t\t\t\t<section class=\"elementor-section elementor-top-section elementor-element elementor-element-2a9bf074 elementor-section-boxed elementor-section-height-default elementor-section-height-default\" data-id=\"2a9bf074\" data-element_type=\"section\" data-e-type=\"section\" data-settings=\"{&quot;background_background&quot;:&quot;classic&quot;}\">\n\t\t\t\t\t\t<div class=\"elementor-container elementor-column-gap-default\">\n\t\t\t\t\t<div class=\"elementor-column elementor-col-100 elementor-top-column elementor-element elementor-element-4be99c72\" data-id=\"4be99c72\" data-element_type=\"column\" data-e-type=\"column\">\n\t\t\t<div class=\"elementor-widget-wrap elementor-element-populated\">\n\t\t\t\t\t\t<div class=\"elementor-element elementor-element-5d406729 elementor-widget elementor-widget-spacer\" data-id=\"5d406729\" data-element_type=\"widget\" data-e-type=\"widget\" data-widget_type=\"spacer.default\">\n\t\t\t\t<div class=\"elementor-widget-container\">\n\t\t\t\t\t\t\t<div class=\"elementor-spacer\">\n\t\t\t<div class=\"elementor-spacer-inner\"><\/div>\n\t\t<\/div>\n\t\t\t\t\t\t<\/div>\n\t\t\t\t<\/div>\n\t\t\t\t<div class=\"elementor-element elementor-element-15a8fab7 elementor-widget elementor-widget-heading\" data-id=\"15a8fab7\" data-element_type=\"widget\" data-e-type=\"widget\" data-widget_type=\"heading.default\">\n\t\t\t\t<div class=\"elementor-widget-container\">\n\t\t\t\t\t<h2 class=\"elementor-heading-title elementor-size-default\">Todas as not\u00edcias <\/h2>\t\t\t\t<\/div>\n\t\t\t\t<\/div>\n\t\t\t\t\t<\/div>\n\t\t<\/div>\n\t\t\t\t\t<\/div>\n\t\t<\/section>\n\t\t\t\t<section class=\"elementor-section elementor-top-section elementor-element elementor-element-4a737a06 elementor-hidden-desktop elementor-section-boxed elementor-section-height-default elementor-section-height-default\" data-id=\"4a737a06\" data-element_type=\"section\" data-e-type=\"section\">\n\t\t\t\t\t\t<div class=\"elementor-container elementor-column-gap-default\">\n\t\t\t\t\t<div class=\"elementor-column elementor-col-100 elementor-top-column elementor-element elementor-element-1702a1d9\" data-id=\"1702a1d9\" data-element_type=\"column\" data-e-type=\"column\">\n\t\t\t<div class=\"elementor-widget-wrap elementor-element-populated\">\n\t\t\t\t\t\t<div class=\"elementor-element elementor-element-d140748 elementor-search-form--skin-classic elementor-search-form--button-type-icon elementor-search-form--icon-search elementor-widget elementor-widget-search-form\" data-id=\"d140748\" data-element_type=\"widget\" data-e-type=\"widget\" data-settings=\"{&quot;skin&quot;:&quot;classic&quot;}\" data-widget_type=\"search-form.default\">\n\t\t\t\t<div class=\"elementor-widget-container\">\n\t\t\t\t\t\t\t<search role=\"search\">\n\t\t\t<form class=\"elementor-search-form\" action=\"https:\/\/tamarana.pr.gov.br\/novo\" method=\"get\">\n\t\t\t\t\t\t\t\t\t\t\t\t<div class=\"elementor-search-form__container\">\n\t\t\t\t\t<label class=\"elementor-screen-only\" for=\"elementor-search-form-d140748\">Search<\/label>\n\n\t\t\t\t\t\n\t\t\t\t\t<input id=\"elementor-search-form-d140748\" placeholder=\"Pesquise aqui a not\u00edcia desejada...\" class=\"elementor-search-form__input\" type=\"search\" name=\"s\" value=\"\">\n\t\t\t\t\t\n\t\t\t\t\t\t\t\t\t\t\t<button class=\"elementor-search-form__submit\" type=\"submit\" aria-label=\"Search\">\n\t\t\t\t\t\t\t\t\t\t\t\t\t\t\t<i aria-hidden=\"true\" class=\"fas fa-search\"><\/i>\t\t\t\t\t\t\t\t\t\t\t\t\t<\/button>\n\t\t\t\t\t\n\t\t\t\t\t\t\t\t\t<\/div>\n\t\t\t<\/form>\n\t\t<\/search>\n\t\t\t\t\t\t<\/div>\n\t\t\t\t<\/div>\n\t\t\t\t<div class=\"elementor-element elementor-element-603f5b3 elementor-grid-1 elementor-grid-tablet-2 elementor-grid-mobile-1 elementor-posts--thumbnail-top elementor-widget elementor-widget-posts\" data-id=\"603f5b3\" data-element_type=\"widget\" data-e-type=\"widget\" data-settings=\"{&quot;classic_columns&quot;:&quot;1&quot;,&quot;pagination_type&quot;:&quot;numbers_and_prev_next&quot;,&quot;classic_columns_tablet&quot;:&quot;2&quot;,&quot;classic_columns_mobile&quot;:&quot;1&quot;,&quot;classic_row_gap&quot;:{&quot;unit&quot;:&quot;px&quot;,&quot;size&quot;:35,&quot;sizes&quot;:[]},&quot;classic_row_gap_tablet&quot;:{&quot;unit&quot;:&quot;px&quot;,&quot;size&quot;:&quot;&quot;,&quot;sizes&quot;:[]},&quot;classic_row_gap_mobile&quot;:{&quot;unit&quot;:&quot;px&quot;,&quot;size&quot;:&quot;&quot;,&quot;sizes&quot;:[]}}\" data-widget_type=\"posts.classic\">\n\t\t\t\t<div class=\"elementor-widget-container\">\n\t\t\t\t\t\t\t<div class=\"elementor-posts-container elementor-posts elementor-posts--skin-classic elementor-grid\" role=\"list\">\n\t\t\t\t<article class=\"elementor-post elementor-grid-item post-5585 post type-post status-publish format-standard hentry category-noticias\" role=\"listitem\">\n\t\t\t\t<div class=\"elementor-post__text\">\n\t\t\t\t<h3 class=\"elementor-post__title\">\n\t\t\t<a href=\"https:\/\/tamarana.pr.gov.br\/novo\/caminhada-na-natureza-apresenta-o-potencial-turistico-da-cidade-para-a-regiao\/\" >\n\t\t\t\tCaminhada na Natureza apresenta o potencial tur\u00edstico da cidade para a regi\u00e3o\t\t\t<\/a>\n\t\t<\/h3>\n\t\t\t\t<div class=\"elementor-post__meta-data\">\n\t\t\t\t\t<span class=\"elementor-post-date\">\n\t\t\t27 de abril de 2026\t\t<\/span>\n\t\t\t\t<\/div>\n\t\t\t\t<div class=\"elementor-post__excerpt\">\n\t\t\t<p>Mais de 300 pessoas participaram da Caminhada na Natureza no \u00faltimo fim de semana no Rancho do Pombo, zona rural de Tamarana. Entusiastas da pr\u00e1tica<\/p>\n\t\t<\/div>\n\t\t\n\t\t<a class=\"elementor-post__read-more\" href=\"https:\/\/tamarana.pr.gov.br\/novo\/caminhada-na-natureza-apresenta-o-potencial-turistico-da-cidade-para-a-regiao\/\" aria-label=\"Read more about Caminhada na Natureza apresenta o potencial tur\u00edstico da cidade para a regi\u00e3o\" tabindex=\"-1\" >\n\t\t\tLer +\t\t<\/a>\n\n\t\t\t\t<\/div>\n\t\t\t\t<\/article>\n\t\t\t\t<article class=\"elementor-post elementor-grid-item post-5577 post type-post status-publish format-standard hentry category-noticias\" role=\"listitem\">\n\t\t\t\t<div class=\"elementor-post__text\">\n\t\t\t\t<h3 class=\"elementor-post__title\">\n\t\t\t<a href=\"https:\/\/tamarana.pr.gov.br\/novo\/%f0%9f%93%a2-nova-chamada-pre-conferencia-municipal-de-saude\/\" >\n\t\t\t\t&#x1f4e2; NOVA CHAMADA \u2013 PR\u00c9-CONFER\u00caNCIA MUNICIPAL DE SA\u00daDE\t\t\t<\/a>\n\t\t<\/h3>\n\t\t\t\t<div class=\"elementor-post__meta-data\">\n\t\t\t\t\t<span class=\"elementor-post-date\">\n\t\t\t24 de abril de 2026\t\t<\/span>\n\t\t\t\t<\/div>\n\t\t\t\t<div class=\"elementor-post__excerpt\">\n\t\t\t<p>Devido \u00e0 aus\u00eancia de qu\u00f3rum na \u00faltima quarta-feira (22\/04), n\u00e3o foi poss\u00edvel realizar a Pr\u00e9-Confer\u00eancia do segmento de profissionais de sa\u00fade. Por isso, a Secretaria<\/p>\n\t\t<\/div>\n\t\t\n\t\t<a class=\"elementor-post__read-more\" href=\"https:\/\/tamarana.pr.gov.br\/novo\/%f0%9f%93%a2-nova-chamada-pre-conferencia-municipal-de-saude\/\" aria-label=\"Read more about &#x1f4e2; NOVA CHAMADA \u2013 PR\u00c9-CONFER\u00caNCIA MUNICIPAL DE SA\u00daDE\" tabindex=\"-1\" >\n\t\t\tLer +\t\t<\/a>\n\n\t\t\t\t<\/div>\n\t\t\t\t<\/article>\n\t\t\t\t<article class=\"elementor-post elementor-grid-item post-5568 post type-post status-publish format-standard hentry category-noticias category-sem-categoria\" role=\"listitem\">\n\t\t\t\t<div class=\"elementor-post__text\">\n\t\t\t\t<h3 class=\"elementor-post__title\">\n\t\t\t<a href=\"https:\/\/tamarana.pr.gov.br\/novo\/comemoracao-do-dia-dos-indigenas-reune-centenas-de-pessoas-em-tamarana\/\" >\n\t\t\t\tComemora\u00e7\u00e3o do Dia dos Ind\u00edgenas re\u00fane centenas de pessoas em Tamarana\t\t\t<\/a>\n\t\t<\/h3>\n\t\t\t\t<div class=\"elementor-post__meta-data\">\n\t\t\t\t\t<span class=\"elementor-post-date\">\n\t\t\t23 de abril de 2026\t\t<\/span>\n\t\t\t\t<\/div>\n\t\t\t\t<div class=\"elementor-post__excerpt\">\n\t\t\t<p>Em comemora\u00e7\u00e3o ao Dia dos Povos Ind\u00edgenas, a Terra Ind\u00edgena do Apucaraninha realizou uma festa que reuniu centenas de pessoas com o intuito de valorizar<\/p>\n\t\t<\/div>\n\t\t\n\t\t<a class=\"elementor-post__read-more\" href=\"https:\/\/tamarana.pr.gov.br\/novo\/comemoracao-do-dia-dos-indigenas-reune-centenas-de-pessoas-em-tamarana\/\" aria-label=\"Read more about Comemora\u00e7\u00e3o do Dia dos Ind\u00edgenas re\u00fane centenas de pessoas em Tamarana\" tabindex=\"-1\" >\n\t\t\tLer +\t\t<\/a>\n\n\t\t\t\t<\/div>\n\t\t\t\t<\/article>\n\t\t\t\t<article class=\"elementor-post elementor-grid-item post-5548 post type-post status-publish format-standard hentry category-noticias\" role=\"listitem\">\n\t\t\t\t<div class=\"elementor-post__text\">\n\t\t\t\t<h3 class=\"elementor-post__title\">\n\t\t\t<a href=\"https:\/\/tamarana.pr.gov.br\/novo\/coamo-abre-oficialmente-as-operacoes-em-tamarana\/\" >\n\t\t\t\tCoamo abre oficialmente as opera\u00e7\u00f5es em Tamarana\t\t\t<\/a>\n\t\t<\/h3>\n\t\t\t\t<div class=\"elementor-post__meta-data\">\n\t\t\t\t\t<span class=\"elementor-post-date\">\n\t\t\t17 de abril de 2026\t\t<\/span>\n\t\t\t\t<\/div>\n\t\t\t\t<div class=\"elementor-post__excerpt\">\n\t\t\t<p>A diretoria da Coamo Cooperativa Agroindustrial realizou na sexta-feira (17) a inaugura\u00e7\u00e3o oficial dos trabalhos da cooperativa no munic\u00edpio. O evento reuniu mais de 200<\/p>\n\t\t<\/div>\n\t\t\n\t\t<a class=\"elementor-post__read-more\" href=\"https:\/\/tamarana.pr.gov.br\/novo\/coamo-abre-oficialmente-as-operacoes-em-tamarana\/\" aria-label=\"Read more about Coamo abre oficialmente as opera\u00e7\u00f5es em Tamarana\" tabindex=\"-1\" >\n\t\t\tLer +\t\t<\/a>\n\n\t\t\t\t<\/div>\n\t\t\t\t<\/article>\n\t\t\t\t<article class=\"elementor-post elementor-grid-item post-5538 post type-post status-publish format-standard hentry category-noticias\" role=\"listitem\">\n\t\t\t\t<div class=\"elementor-post__text\">\n\t\t\t\t<h3 class=\"elementor-post__title\">\n\t\t\t<a href=\"https:\/\/tamarana.pr.gov.br\/novo\/justica-no-bairro-amplia-acesso-a-testes-e-orientacoes-de-saude\/\" >\n\t\t\t\tJusti\u00e7a no Bairro amplia acesso a testes e orienta\u00e7\u00f5es de sa\u00fade\t\t\t<\/a>\n\t\t<\/h3>\n\t\t\t\t<div class=\"elementor-post__meta-data\">\n\t\t\t\t\t<span class=\"elementor-post-date\">\n\t\t\t16 de abril de 2026\t\t<\/span>\n\t\t\t\t<\/div>\n\t\t\t\t<div class=\"elementor-post__excerpt\">\n\t\t\t<p>A unidade m\u00f3vel de sa\u00fade presente no Justi\u00e7a no Bairro, realizado em 14 de abril, ofertou testes r\u00e1pidos para identifica\u00e7\u00e3o de doen\u00e7as como hepatite B<\/p>\n\t\t<\/div>\n\t\t\n\t\t<a class=\"elementor-post__read-more\" href=\"https:\/\/tamarana.pr.gov.br\/novo\/justica-no-bairro-amplia-acesso-a-testes-e-orientacoes-de-saude\/\" aria-label=\"Read more about Justi\u00e7a no Bairro amplia acesso a testes e orienta\u00e7\u00f5es de sa\u00fade\" tabindex=\"-1\" >\n\t\t\tLer +\t\t<\/a>\n\n\t\t\t\t<\/div>\n\t\t\t\t<\/article>\n\t\t\t\t<article class=\"elementor-post elementor-grid-item post-5535 post type-post status-publish format-standard hentry category-noticias\" role=\"listitem\">\n\t\t\t\t<div class=\"elementor-post__text\">\n\t\t\t\t<h3 class=\"elementor-post__title\">\n\t\t\t<a href=\"https:\/\/tamarana.pr.gov.br\/novo\/atencao-trabalhadora-da-saude-de-tamarana\/\" >\n\t\t\t\tATEN\u00c7\u00c3O, TRABALHADOR(A) DA SA\u00daDE DE TAMARANA!\t\t\t<\/a>\n\t\t<\/h3>\n\t\t\t\t<div class=\"elementor-post__meta-data\">\n\t\t\t\t\t<span class=\"elementor-post-date\">\n\t\t\t15 de abril de 2026\t\t<\/span>\n\t\t\t\t<\/div>\n\t\t\t\t<div class=\"elementor-post__excerpt\">\n\t\t\t<p>A Secretaria Municipal de Sa\u00fade e o Conselho Municipal de Sa\u00fade (CMS) convidam voc\u00ea para participar da Pr\u00e9-Confer\u00eancia Municipal de Sa\u00fade. Este \u00e9 um espa\u00e7o<\/p>\n\t\t<\/div>\n\t\t\n\t\t<a class=\"elementor-post__read-more\" href=\"https:\/\/tamarana.pr.gov.br\/novo\/atencao-trabalhadora-da-saude-de-tamarana\/\" aria-label=\"Read more about ATEN\u00c7\u00c3O, TRABALHADOR(A) DA SA\u00daDE DE TAMARANA!\" tabindex=\"-1\" >\n\t\t\tLer +\t\t<\/a>\n\n\t\t\t\t<\/div>\n\t\t\t\t<\/article>\n\t\t\t\t<article class=\"elementor-post elementor-grid-item post-5495 post type-post status-publish format-standard hentry category-noticias\" role=\"listitem\">\n\t\t\t\t<div class=\"elementor-post__text\">\n\t\t\t\t<h3 class=\"elementor-post__title\">\n\t\t\t<a href=\"https:\/\/tamarana.pr.gov.br\/novo\/1a-edicao-da-caminhada-na-natureza-e-aposta-do-municipio-para-o-desenvolvimento-do-turismo\/\" >\n\t\t\t\t1\u00aa edi\u00e7\u00e3o da Caminhada na Natureza \u00e9 aposta do munic\u00edpio para o desenvolvimento do turismo\t\t\t<\/a>\n\t\t<\/h3>\n\t\t\t\t<div class=\"elementor-post__meta-data\">\n\t\t\t\t\t<span class=\"elementor-post-date\">\n\t\t\t10 de abril de 2026\t\t<\/span>\n\t\t\t\t<\/div>\n\t\t\t\t<div class=\"elementor-post__excerpt\">\n\t\t\t<p>Tamarana \u00e9 conhecida por suas belezas naturais; cachoeiras, pousadas e est\u00e2ncias atraem p\u00fablicos de diversas localidades do pa\u00eds. Com foco em estimular ainda mais o<\/p>\n\t\t<\/div>\n\t\t\n\t\t<a class=\"elementor-post__read-more\" href=\"https:\/\/tamarana.pr.gov.br\/novo\/1a-edicao-da-caminhada-na-natureza-e-aposta-do-municipio-para-o-desenvolvimento-do-turismo\/\" aria-label=\"Read more about 1\u00aa edi\u00e7\u00e3o da Caminhada na Natureza \u00e9 aposta do munic\u00edpio para o desenvolvimento do turismo\" tabindex=\"-1\" >\n\t\t\tLer +\t\t<\/a>\n\n\t\t\t\t<\/div>\n\t\t\t\t<\/article>\n\t\t\t\t<article class=\"elementor-post elementor-grid-item post-5488 post type-post status-publish format-standard hentry category-noticias\" role=\"listitem\">\n\t\t\t\t<div class=\"elementor-post__text\">\n\t\t\t\t<h3 class=\"elementor-post__title\">\n\t\t\t<a href=\"https:\/\/tamarana.pr.gov.br\/novo\/carnes-do-iptu-ja-podem-ser-retirados-na-prefeitura\/\" >\n\t\t\t\tCarn\u00eas do IPTU j\u00e1 podem ser retirados na prefeitura\t\t\t<\/a>\n\t\t<\/h3>\n\t\t\t\t<div class=\"elementor-post__meta-data\">\n\t\t\t\t\t<span class=\"elementor-post-date\">\n\t\t\t9 de abril de 2026\t\t<\/span>\n\t\t\t\t<\/div>\n\t\t\t\t<div class=\"elementor-post__excerpt\">\n\t\t\t<p>J\u00e1 est\u00e3o dispon\u00edveis para retirada, na Prefeitura de Tamarana, os carn\u00eas do Imposto Predial e Territorial Urbano (IPTU) referentes ao exerc\u00edcio de 2026. O vencimento<\/p>\n\t\t<\/div>\n\t\t\n\t\t<a class=\"elementor-post__read-more\" href=\"https:\/\/tamarana.pr.gov.br\/novo\/carnes-do-iptu-ja-podem-ser-retirados-na-prefeitura\/\" aria-label=\"Read more about Carn\u00eas do IPTU j\u00e1 podem ser retirados na prefeitura\" tabindex=\"-1\" >\n\t\t\tLer +\t\t<\/a>\n\n\t\t\t\t<\/div>\n\t\t\t\t<\/article>\n\t\t\t\t<article class=\"elementor-post elementor-grid-item post-5485 post type-post status-publish format-standard hentry category-noticias\" role=\"listitem\">\n\t\t\t\t<div class=\"elementor-post__text\">\n\t\t\t\t<h3 class=\"elementor-post__title\">\n\t\t\t<a href=\"https:\/\/tamarana.pr.gov.br\/novo\/%f0%9f%9a%8d%f0%9f%91%81%ef%b8%8f-carreta-de-oftalmologia-do-programa-agora-tem-especialistas-atendera-municipios-da-17a-regional-de-saude-de-londrina\/\" >\n\t\t\t\t&#x1f68d;&#x1f441;&#xfe0f; CARRETA DE OFTALMOLOGIA DO PROGRAMA \u201cAGORA TEM ESPECIALISTAS\u201d ATENDER\u00c1 MUNIC\u00cdPIOS DA 17\u00aa REGIONAL DE SA\u00daDE DE LONDRINA\t\t\t<\/a>\n\t\t<\/h3>\n\t\t\t\t<div class=\"elementor-post__meta-data\">\n\t\t\t\t\t<span class=\"elementor-post-date\">\n\t\t\t8 de abril de 2026\t\t<\/span>\n\t\t\t\t<\/div>\n\t\t\t\t<div class=\"elementor-post__excerpt\">\n\t\t\t<p>O munic\u00edpio de Londrina, sede da 17\u00aa Regional de Sa\u00fade , receber\u00e1 a Carreta de Oftalmologia do programa Agora Tem Especialistas, do Minist\u00e9rio da Sa\u00fade<\/p>\n\t\t<\/div>\n\t\t\n\t\t<a class=\"elementor-post__read-more\" href=\"https:\/\/tamarana.pr.gov.br\/novo\/%f0%9f%9a%8d%f0%9f%91%81%ef%b8%8f-carreta-de-oftalmologia-do-programa-agora-tem-especialistas-atendera-municipios-da-17a-regional-de-saude-de-londrina\/\" aria-label=\"Read more about &#x1f68d;&#x1f441;&#xfe0f; CARRETA DE OFTALMOLOGIA DO PROGRAMA \u201cAGORA TEM ESPECIALISTAS\u201d ATENDER\u00c1 MUNIC\u00cdPIOS DA 17\u00aa REGIONAL DE SA\u00daDE DE LONDRINA\" tabindex=\"-1\" >\n\t\t\tLer +\t\t<\/a>\n\n\t\t\t\t<\/div>\n\t\t\t\t<\/article>\n\t\t\t\t<article class=\"elementor-post elementor-grid-item post-5465 post type-post status-publish format-standard hentry category-noticias\" role=\"listitem\">\n\t\t\t\t<div class=\"elementor-post__text\">\n\t\t\t\t<h3 class=\"elementor-post__title\">\n\t\t\t<a href=\"https:\/\/tamarana.pr.gov.br\/novo\/%f0%9f%93%a2-vacinacao-contra-a-influenza-gripe-2026-%f0%9f%92%89\/\" >\n\t\t\t\t&#x1f4e2; VACINA\u00c7\u00c3O CONTRA A INFLUENZA (GRIPE) 2026 &#x1f489;\t\t\t<\/a>\n\t\t<\/h3>\n\t\t\t\t<div class=\"elementor-post__meta-data\">\n\t\t\t\t\t<span class=\"elementor-post-date\">\n\t\t\t6 de abril de 2026\t\t<\/span>\n\t\t\t\t<\/div>\n\t\t\t\t<div class=\"elementor-post__excerpt\">\n\t\t\t<p>A Secretaria Municipal de Sa\u00fade de Tamarana convida a popula\u00e7\u00e3o para a Campanha de Vacina\u00e7\u00e3o contra a Influenza (Gripe). &#x1f4c5; 18 de abril (s\u00e1bado)&#x1f558; Das<\/p>\n\t\t<\/div>\n\t\t\n\t\t<a class=\"elementor-post__read-more\" href=\"https:\/\/tamarana.pr.gov.br\/novo\/%f0%9f%93%a2-vacinacao-contra-a-influenza-gripe-2026-%f0%9f%92%89\/\" aria-label=\"Read more about &#x1f4e2; VACINA\u00c7\u00c3O CONTRA A INFLUENZA (GRIPE) 2026 &#x1f489;\" tabindex=\"-1\" >\n\t\t\tLer +\t\t<\/a>\n\n\t\t\t\t<\/div>\n\t\t\t\t<\/article>\n\t\t\t\t<article class=\"elementor-post elementor-grid-item post-5461 post type-post status-publish format-standard hentry category-noticias\" role=\"listitem\">\n\t\t\t\t<div class=\"elementor-post__text\">\n\t\t\t\t<h3 class=\"elementor-post__title\">\n\t\t\t<a href=\"https:\/\/tamarana.pr.gov.br\/novo\/robotica-integra-a-rede-municipal-de-educacao\/\" >\n\t\t\t\tRob\u00f3tica integra a rede municipal de educa\u00e7\u00e3o\t\t\t<\/a>\n\t\t<\/h3>\n\t\t\t\t<div class=\"elementor-post__meta-data\">\n\t\t\t\t\t<span class=\"elementor-post-date\">\n\t\t\t6 de abril de 2026\t\t<\/span>\n\t\t\t\t<\/div>\n\t\t\t\t<div class=\"elementor-post__excerpt\">\n\t\t\t<p>A implanta\u00e7\u00e3o da rob\u00f3tica na grade curricular das escolas municipais de Tamarana tem despertado o interesse de crian\u00e7as e adolescentes. Na Escola M. Prof\u00ba Iracema<\/p>\n\t\t<\/div>\n\t\t\n\t\t<a class=\"elementor-post__read-more\" href=\"https:\/\/tamarana.pr.gov.br\/novo\/robotica-integra-a-rede-municipal-de-educacao\/\" aria-label=\"Read more about Rob\u00f3tica integra a rede municipal de educa\u00e7\u00e3o\" tabindex=\"-1\" >\n\t\t\tLer +\t\t<\/a>\n\n\t\t\t\t<\/div>\n\t\t\t\t<\/article>\n\t\t\t\t<article class=\"elementor-post elementor-grid-item post-5451 post type-post status-publish format-standard hentry category-noticias\" role=\"listitem\">\n\t\t\t\t<div class=\"elementor-post__text\">\n\t\t\t\t<h3 class=\"elementor-post__title\">\n\t\t\t<a href=\"https:\/\/tamarana.pr.gov.br\/novo\/audiencia-publica-debate-sobre-atualizacao-do-plano-diretor\/\" >\n\t\t\t\tAudi\u00eancia p\u00fablica debate sobre atualiza\u00e7\u00e3o do Plano Diretor\t\t\t<\/a>\n\t\t<\/h3>\n\t\t\t\t<div class=\"elementor-post__meta-data\">\n\t\t\t\t\t<span class=\"elementor-post-date\">\n\t\t\t2 de abril de 2026\t\t<\/span>\n\t\t\t\t<\/div>\n\t\t\t\t<div class=\"elementor-post__excerpt\">\n\t\t\t<p>A Prefeitura Municipal realizou, na ter\u00e7a-feira (31) de mar\u00e7o, uma audi\u00eancia p\u00fablica para discutir altera\u00e7\u00f5es no Plano Diretor Municipal. Os projetos de lei com as<\/p>\n\t\t<\/div>\n\t\t\n\t\t<a class=\"elementor-post__read-more\" href=\"https:\/\/tamarana.pr.gov.br\/novo\/audiencia-publica-debate-sobre-atualizacao-do-plano-diretor\/\" aria-label=\"Read more about Audi\u00eancia p\u00fablica debate sobre atualiza\u00e7\u00e3o do Plano Diretor\" tabindex=\"-1\" >\n\t\t\tLer +\t\t<\/a>\n\n\t\t\t\t<\/div>\n\t\t\t\t<\/article>\n\t\t\t\t<article class=\"elementor-post elementor-grid-item post-5448 post type-post status-publish format-standard hentry category-noticias\" role=\"listitem\">\n\t\t\t\t<div class=\"elementor-post__text\">\n\t\t\t\t<h3 class=\"elementor-post__title\">\n\t\t\t<a href=\"https:\/\/tamarana.pr.gov.br\/novo\/%f0%9f%92%99-abril-azul-2026-tamarana-%f0%9f%92%99\/\" >\n\t\t\t\t&#x1f499; ABRIL AZUL 2026 \u2013 TAMARANA &#x1f499;\t\t\t<\/a>\n\t\t<\/h3>\n\t\t\t\t<div class=\"elementor-post__meta-data\">\n\t\t\t\t\t<span class=\"elementor-post-date\">\n\t\t\t1 de abril de 2026\t\t<\/span>\n\t\t\t\t<\/div>\n\t\t\t\t<div class=\"elementor-post__excerpt\">\n\t\t\t<p>M\u00eas de Conscientiza\u00e7\u00e3o do Autismo O m\u00eas de abril foi institu\u00eddo pela ONU como um marco mundial para combater o preconceito e promover informa\u00e7\u00f5es corretas<\/p>\n\t\t<\/div>\n\t\t\n\t\t<a class=\"elementor-post__read-more\" href=\"https:\/\/tamarana.pr.gov.br\/novo\/%f0%9f%92%99-abril-azul-2026-tamarana-%f0%9f%92%99\/\" aria-label=\"Read more about &#x1f499; ABRIL AZUL 2026 \u2013 TAMARANA &#x1f499;\" tabindex=\"-1\" >\n\t\t\tLer +\t\t<\/a>\n\n\t\t\t\t<\/div>\n\t\t\t\t<\/article>\n\t\t\t\t<article class=\"elementor-post elementor-grid-item post-5435 post type-post status-publish format-standard hentry category-noticias category-sem-categoria\" role=\"listitem\">\n\t\t\t\t<div class=\"elementor-post__text\">\n\t\t\t\t<h3 class=\"elementor-post__title\">\n\t\t\t<a href=\"https:\/\/tamarana.pr.gov.br\/novo\/capacitacao-aborda-aprendizagem-e-saude-mental-de-professores-em-tamarana\/\" >\n\t\t\t\tCapacita\u00e7\u00e3o aborda aprendizagem e sa\u00fade mental de professores em Tamarana\t\t\t<\/a>\n\t\t<\/h3>\n\t\t\t\t<div class=\"elementor-post__meta-data\">\n\t\t\t\t\t<span class=\"elementor-post-date\">\n\t\t\t31 de mar\u00e7o de 2026\t\t<\/span>\n\t\t\t\t<\/div>\n\t\t\t\t<div class=\"elementor-post__excerpt\">\n\t\t\t<p>A Secretaria Municipal de Educa\u00e7\u00e3o de Tamarana realizou, entre os dias 23 e 27 de mar\u00e7o, uma capacita\u00e7\u00e3o com profissionais da rede municipal de ensino.<\/p>\n\t\t<\/div>\n\t\t\n\t\t<a class=\"elementor-post__read-more\" href=\"https:\/\/tamarana.pr.gov.br\/novo\/capacitacao-aborda-aprendizagem-e-saude-mental-de-professores-em-tamarana\/\" aria-label=\"Read more about Capacita\u00e7\u00e3o aborda aprendizagem e sa\u00fade mental de professores em Tamarana\" tabindex=\"-1\" >\n\t\t\tLer +\t\t<\/a>\n\n\t\t\t\t<\/div>\n\t\t\t\t<\/article>\n\t\t\t\t<article class=\"elementor-post elementor-grid-item post-5431 post type-post status-publish format-standard hentry category-noticias\" role=\"listitem\">\n\t\t\t\t<div class=\"elementor-post__text\">\n\t\t\t\t<h3 class=\"elementor-post__title\">\n\t\t\t<a href=\"https:\/\/tamarana.pr.gov.br\/novo\/tamarana-realiza-audiencia-publica-para-revisao-do-plano-diretor\/\" >\n\t\t\t\tTamarana realiza audi\u00eancia p\u00fablica para revis\u00e3o do Plano Diretor\t\t\t<\/a>\n\t\t<\/h3>\n\t\t\t\t<div class=\"elementor-post__meta-data\">\n\t\t\t\t\t<span class=\"elementor-post-date\">\n\t\t\t31 de mar\u00e7o de 2026\t\t<\/span>\n\t\t\t\t<\/div>\n\t\t\t\t<div class=\"elementor-post__excerpt\">\n\t\t\t<p>A Prefeitura Municipal de Tamarana convoca a popula\u00e7\u00e3o para a audi\u00eancia p\u00fablica de revis\u00e3o do Plano Diretor. O encontro ocorre hoje, 31 de mar\u00e7o, \u00e0s<\/p>\n\t\t<\/div>\n\t\t\n\t\t<a class=\"elementor-post__read-more\" href=\"https:\/\/tamarana.pr.gov.br\/novo\/tamarana-realiza-audiencia-publica-para-revisao-do-plano-diretor\/\" aria-label=\"Read more about Tamarana realiza audi\u00eancia p\u00fablica para revis\u00e3o do Plano Diretor\" tabindex=\"-1\" >\n\t\t\tLer +\t\t<\/a>\n\n\t\t\t\t<\/div>\n\t\t\t\t<\/article>\n\t\t\t\t<article class=\"elementor-post elementor-grid-item post-5419 post type-post status-publish format-standard hentry category-noticias\" role=\"listitem\">\n\t\t\t\t<div class=\"elementor-post__text\">\n\t\t\t\t<h3 class=\"elementor-post__title\">\n\t\t\t<a href=\"https:\/\/tamarana.pr.gov.br\/novo\/municipio-recebe-novo-caminhao-para-coleta-seletiva\/\" >\n\t\t\t\tMunic\u00edpio recebe novo caminh\u00e3o para coleta seletiva\t\t\t<\/a>\n\t\t<\/h3>\n\t\t\t\t<div class=\"elementor-post__meta-data\">\n\t\t\t\t\t<span class=\"elementor-post-date\">\n\t\t\t30 de mar\u00e7o de 2026\t\t<\/span>\n\t\t\t\t<\/div>\n\t\t\t\t<div class=\"elementor-post__excerpt\">\n\t\t\t<p>A Secretaria Municipal de Meio Ambiente de Tamarana recebeu um caminh\u00e3o zero quil\u00f4metro para a coleta seletiva por meio de conv\u00eanio com o Cons\u00f3rcio Intermunicipal<\/p>\n\t\t<\/div>\n\t\t\n\t\t<a class=\"elementor-post__read-more\" href=\"https:\/\/tamarana.pr.gov.br\/novo\/municipio-recebe-novo-caminhao-para-coleta-seletiva\/\" aria-label=\"Read more about Munic\u00edpio recebe novo caminh\u00e3o para coleta seletiva\" tabindex=\"-1\" >\n\t\t\tLer +\t\t<\/a>\n\n\t\t\t\t<\/div>\n\t\t\t\t<\/article>\n\t\t\t\t<article class=\"elementor-post elementor-grid-item post-5413 post type-post status-publish format-standard hentry category-noticias\" role=\"listitem\">\n\t\t\t\t<div class=\"elementor-post__text\">\n\t\t\t\t<h3 class=\"elementor-post__title\">\n\t\t\t<a href=\"https:\/\/tamarana.pr.gov.br\/novo\/evento-registre-se-em-parceria-com-o-programa-justica-no-bairro-sesc-cidadao-sera-realizado-em-tamarana-pr\/\" >\n\t\t\t\tEvento Registre-se em parceria com o Programa Justi\u00e7a no Bairro Sesc Cidad\u00e3o ser\u00e1 realizado em Tamarana\/PR\t\t\t<\/a>\n\t\t<\/h3>\n\t\t\t\t<div class=\"elementor-post__meta-data\">\n\t\t\t\t\t<span class=\"elementor-post-date\">\n\t\t\t26 de mar\u00e7o de 2026\t\t<\/span>\n\t\t\t\t<\/div>\n\t\t\t\t<div class=\"elementor-post__excerpt\">\n\t\t\t<p>No dia 14 de abril de 2026, o munic\u00edpio de Tamarana recebe mais uma edi\u00e7\u00e3o do Programa Justi\u00e7a no Bairro \u2013 Sesc Cidad\u00e3o. Com a<\/p>\n\t\t<\/div>\n\t\t\n\t\t<a class=\"elementor-post__read-more\" href=\"https:\/\/tamarana.pr.gov.br\/novo\/evento-registre-se-em-parceria-com-o-programa-justica-no-bairro-sesc-cidadao-sera-realizado-em-tamarana-pr\/\" aria-label=\"Read more about Evento Registre-se em parceria com o Programa Justi\u00e7a no Bairro Sesc Cidad\u00e3o ser\u00e1 realizado em Tamarana\/PR\" tabindex=\"-1\" >\n\t\t\tLer +\t\t<\/a>\n\n\t\t\t\t<\/div>\n\t\t\t\t<\/article>\n\t\t\t\t<article class=\"elementor-post elementor-grid-item post-5407 post type-post status-publish format-standard hentry category-noticias category-sem-categoria\" role=\"listitem\">\n\t\t\t\t<div class=\"elementor-post__text\">\n\t\t\t\t<h3 class=\"elementor-post__title\">\n\t\t\t<a href=\"https:\/\/tamarana.pr.gov.br\/novo\/prefeitura-sedia-espaco-para-eleicao-de-membros-da-cipa\/\" >\n\t\t\t\tPrefeitura sedia espa\u00e7o para elei\u00e7\u00e3o de membros da CIPA\t\t\t<\/a>\n\t\t<\/h3>\n\t\t\t\t<div class=\"elementor-post__meta-data\">\n\t\t\t\t\t<span class=\"elementor-post-date\">\n\t\t\t25 de mar\u00e7o de 2026\t\t<\/span>\n\t\t\t\t<\/div>\n\t\t\t\t<div class=\"elementor-post__excerpt\">\n\t\t\t<p>A prefeitura de Tamarana sediou na \u00faltima ter\u00e7a-feira (24) a posse da para vice-presidente e demais membros da mesa diretora da Comiss\u00e3o Interna de Preven\u00e7\u00e3o<\/p>\n\t\t<\/div>\n\t\t\n\t\t<a class=\"elementor-post__read-more\" href=\"https:\/\/tamarana.pr.gov.br\/novo\/prefeitura-sedia-espaco-para-eleicao-de-membros-da-cipa\/\" aria-label=\"Read more about Prefeitura sedia espa\u00e7o para elei\u00e7\u00e3o de membros da CIPA\" tabindex=\"-1\" >\n\t\t\tLer +\t\t<\/a>\n\n\t\t\t\t<\/div>\n\t\t\t\t<\/article>\n\t\t\t\t<article class=\"elementor-post elementor-grid-item post-5393 post type-post status-publish format-standard hentry category-noticias category-sem-categoria\" role=\"listitem\">\n\t\t\t\t<div class=\"elementor-post__text\">\n\t\t\t\t<h3 class=\"elementor-post__title\">\n\t\t\t<a href=\"https:\/\/tamarana.pr.gov.br\/novo\/idt-inicia-em-abril-atendimento-remoto-na-area-da-saude\/\" >\n\t\t\t\tIDT inicia em abril atendimento remoto na \u00e1rea da sa\u00fade\t\t\t<\/a>\n\t\t<\/h3>\n\t\t\t\t<div class=\"elementor-post__meta-data\">\n\t\t\t\t\t<span class=\"elementor-post-date\">\n\t\t\t24 de mar\u00e7o de 2026\t\t<\/span>\n\t\t\t\t<\/div>\n\t\t\t\t<div class=\"elementor-post__excerpt\">\n\t\t\t<p>Instituto de Desenvolvimento de Tamarana visa desafogar a fila por consultas m\u00e9dicas; programa ofertar\u00e1 inicialmente consultas em endocrinologia pedi\u00e1trica Em uma a\u00e7\u00e3o in\u00e9dita para o<\/p>\n\t\t<\/div>\n\t\t\n\t\t<a class=\"elementor-post__read-more\" href=\"https:\/\/tamarana.pr.gov.br\/novo\/idt-inicia-em-abril-atendimento-remoto-na-area-da-saude\/\" aria-label=\"Read more about IDT inicia em abril atendimento remoto na \u00e1rea da sa\u00fade\" tabindex=\"-1\" >\n\t\t\tLer +\t\t<\/a>\n\n\t\t\t\t<\/div>\n\t\t\t\t<\/article>\n\t\t\t\t<article class=\"elementor-post elementor-grid-item post-5375 post type-post status-publish format-standard hentry category-noticias category-sem-categoria\" role=\"listitem\">\n\t\t\t\t<div class=\"elementor-post__text\">\n\t\t\t\t<h3 class=\"elementor-post__title\">\n\t\t\t<a href=\"https:\/\/tamarana.pr.gov.br\/novo\/cafe-com-elas-desafios-das-mulheres-no-seculo-xxi\/\" >\n\t\t\t\tCaf\u00e9 com Elas: desafios das mulheres no s\u00e9culo XXI\t\t\t<\/a>\n\t\t<\/h3>\n\t\t\t\t<div class=\"elementor-post__meta-data\">\n\t\t\t\t\t<span class=\"elementor-post-date\">\n\t\t\t23 de mar\u00e7o de 2026\t\t<\/span>\n\t\t\t\t<\/div>\n\t\t\t\t<div class=\"elementor-post__excerpt\">\n\t\t\t<p>A Prefeitura de Tamarana realizou, no \u00faltimo s\u00e1bado (23), no Gin\u00e1sio de Esportes, o 2\u00ba Encontro Caf\u00e9 com Elas. O evento reuniu mulheres para debater<\/p>\n\t\t<\/div>\n\t\t\n\t\t<a class=\"elementor-post__read-more\" href=\"https:\/\/tamarana.pr.gov.br\/novo\/cafe-com-elas-desafios-das-mulheres-no-seculo-xxi\/\" aria-label=\"Read more about Caf\u00e9 com Elas: desafios das mulheres no s\u00e9culo XXI\" tabindex=\"-1\" >\n\t\t\tLer +\t\t<\/a>\n\n\t\t\t\t<\/div>\n\t\t\t\t<\/article>\n\t\t\t\t<\/div>\n\t\t\n\t\t\t\t<div class=\"e-load-more-anchor\" data-page=\"1\" data-max-page=\"4\" data-next-page=\"https:\/\/tamarana.pr.gov.br\/novo\/wp-json\/wp\/v2\/pages\/235\/page\/2\/\"><\/div>\n\t\t\t\t<nav class=\"elementor-pagination\" aria-label=\"Pagination\">\n\t\t\t<span class=\"page-numbers prev\">&laquo; Anterior<\/span>\n<span aria-current=\"page\" class=\"page-numbers current\"><span class=\"elementor-screen-only\">Page<\/span>1<\/span>\n<a class=\"page-numbers\" href=\"https:\/\/tamarana.pr.gov.br\/novo\/wp-json\/wp\/v2\/pages\/235\/page\/2\/\"><span class=\"elementor-screen-only\">Page<\/span>2<\/a>\n<a class=\"page-numbers\" href=\"https:\/\/tamarana.pr.gov.br\/novo\/wp-json\/wp\/v2\/pages\/235\/page\/3\/\"><span class=\"elementor-screen-only\">Page<\/span>3<\/a>\n<a class=\"page-numbers\" href=\"https:\/\/tamarana.pr.gov.br\/novo\/wp-json\/wp\/v2\/pages\/235\/page\/4\/\"><span class=\"elementor-screen-only\">Page<\/span>4<\/a>\n<a class=\"page-numbers next\" href=\"https:\/\/tamarana.pr.gov.br\/novo\/wp-json\/wp\/v2\/pages\/235\/page\/2\/\">Depois &raquo;<\/a>\t\t<\/nav>\n\t\t\t\t\t\t<\/div>\n\t\t\t\t<\/div>\n\t\t\t\t\t<\/div>\n\t\t<\/div>\n\t\t\t\t\t<\/div>\n\t\t<\/section>\n\t\t\t\t<section class=\"elementor-section elementor-top-section elementor-element elementor-element-2930169 elementor-hidden-mobile elementor-section-boxed elementor-section-height-default elementor-section-height-default\" data-id=\"2930169\" data-element_type=\"section\" data-e-type=\"section\">\n\t\t\t\t\t\t<div class=\"elementor-container elementor-column-gap-default\">\n\t\t\t\t\t<div class=\"elementor-column elementor-col-100 elementor-top-column elementor-element elementor-element-243b131\" data-id=\"243b131\" data-element_type=\"column\" data-e-type=\"column\">\n\t\t\t<div class=\"elementor-widget-wrap elementor-element-populated\">\n\t\t\t\t\t\t<div class=\"elementor-element elementor-element-b11b453 elementor-search-form--skin-classic elementor-search-form--button-type-icon elementor-search-form--icon-search elementor-widget elementor-widget-search-form\" data-id=\"b11b453\" data-element_type=\"widget\" data-e-type=\"widget\" data-settings=\"{&quot;skin&quot;:&quot;classic&quot;}\" data-widget_type=\"search-form.default\">\n\t\t\t\t<div class=\"elementor-widget-container\">\n\t\t\t\t\t\t\t<search role=\"search\">\n\t\t\t<form class=\"elementor-search-form\" action=\"https:\/\/tamarana.pr.gov.br\/novo\" method=\"get\">\n\t\t\t\t\t\t\t\t\t\t\t\t<div class=\"elementor-search-form__container\">\n\t\t\t\t\t<label class=\"elementor-screen-only\" for=\"elementor-search-form-b11b453\">Search<\/label>\n\n\t\t\t\t\t\n\t\t\t\t\t<input id=\"elementor-search-form-b11b453\" placeholder=\"Pesquise aqui a not\u00edcia desejada...\" class=\"elementor-search-form__input\" type=\"search\" name=\"s\" value=\"\">\n\t\t\t\t\t\n\t\t\t\t\t\t\t\t\t\t\t<button class=\"elementor-search-form__submit\" type=\"submit\" aria-label=\"Search\">\n\t\t\t\t\t\t\t\t\t\t\t\t\t\t\t<i aria-hidden=\"true\" class=\"fas fa-search\"><\/i>\t\t\t\t\t\t\t\t\t\t\t\t\t<\/button>\n\t\t\t\t\t\n\t\t\t\t\t\t\t\t\t<\/div>\n\t\t\t<\/form>\n\t\t<\/search>\n\t\t\t\t\t\t<\/div>\n\t\t\t\t<\/div>\n\t\t\t\t<div class=\"elementor-element elementor-element-0518545 load-more-align-center elementor-widget elementor-widget-posts\" data-id=\"0518545\" data-element_type=\"widget\" data-e-type=\"widget\" data-settings=\"{&quot;pagination_type&quot;:&quot;load_more_on_click&quot;,&quot;full_content_row_gap&quot;:{&quot;unit&quot;:&quot;px&quot;,&quot;size&quot;:35,&quot;sizes&quot;:[]},&quot;load_more_spinner&quot;:{&quot;value&quot;:&quot;fas fa-spinner&quot;,&quot;library&quot;:&quot;fa-solid&quot;}}\" data-widget_type=\"posts.full_content\">\n\t\t\t\t<div class=\"elementor-widget-container\">\n\t\t\t\t\t\t\t<div class=\"elementor-posts-container elementor-posts elementor-posts--skin-full_content elementor-grid\" role=\"list\">\n\t\t\t\t<article class=\"elementor-post elementor-grid-item post-5585 post type-post status-publish format-standard hentry category-noticias\" role=\"listitem\">\n\t\t\t\t<div class=\"elementor-post__text\">\n\t\t\t\t<h3 class=\"elementor-post__title\">\n\t\t\t<a href=\"https:\/\/tamarana.pr.gov.br\/novo\/caminhada-na-natureza-apresenta-o-potencial-turistico-da-cidade-para-a-regiao\/\" >\n\t\t\t\tCaminhada na Natureza apresenta o potencial tur\u00edstico da cidade para a regi\u00e3o\t\t\t<\/a>\n\t\t<\/h3>\n\t\t\t\t<div class=\"elementor-post__meta-data\">\n\t\t\t\t\t<span class=\"elementor-post-date\">\n\t\t\t27 de abril de 2026\t\t<\/span>\n\t\t\t\t<\/div>\n\t\t\n<p>Mais de 300 pessoas participaram da Caminhada na Natureza no \u00faltimo fim de semana no Rancho do Pombo, zona rural de Tamarana. Entusiastas da pr\u00e1tica de exerc\u00edcio ao ar livre percorreram um circuito de mais de 5 km. O evento teve o intuito de estimular o turismo na regi\u00e3o. Os inscritos passaram por cachoeiras, trilha na mata fechada, com passagens estreitas, pontes e obst\u00e1culos de madeira.<\/p>\n\n\n\n<p>\u201cO evento foi um sucesso\u201d, afirma a respons\u00e1vel pela pasta do turismo de Tamarana, Juliana Elisa Silva de Quadros. Ela explica que o objetivo de divulgar o potencial tur\u00edstico na regi\u00e3o foi alcan\u00e7ado. \u201cIsso motiva a ampliar a\u00e7\u00f5es, realizar mais eventos e estimular a nossa agricultura familiar.\u201d<\/p>\n\n\n\n<p>Produtores da regi\u00e3o registraram vendas. Foram ofertados produtos caseiros como p\u00e3es, bolos, doces, sucos e artesanato. A diretora de turismo afirma que, para esses microempres\u00e1rios, um evento como este contribui para a amplia\u00e7\u00e3o do mercado. \u201cA Caminhada na Natureza levou o nome desses microempreendedores a outro n\u00edvel. Queremos mostrar as belezas naturais e aproximar a agricultura familiar da comunidade, apresentar os produtos e levar o nome de Tamarana para outros lugares\u201d, afirma a diretora.<\/p>\n\n\n\n<p>O evento contou com a presen\u00e7a da prefeita Luzia Harue Suzukawa, que deu as boas-vindas aos mun\u00edcipes e visitantes de outros munic\u00edpios. A prefeita destacou a import\u00e2ncia do turismo e da atividade f\u00edsica.<\/p>\n\n\n\n<p>O empres\u00e1rio londrinense Luciano Braga participou da 1\u00aa Caminhada na Natureza e citou as belezas naturais do munic\u00edpio e a organiza\u00e7\u00e3o do evento. \u201cConheci trilhas com organiza\u00e7\u00e3o e seguran\u00e7a. Foi um evento nota 1000\u201d, afirma o empres\u00e1rio.<\/p>\n\n\n\n<figure class=\"wp-block-gallery has-nested-images columns-default is-cropped wp-block-gallery-1 is-layout-flex wp-block-gallery-is-layout-flex\">\n<figure class=\"wp-block-image size-large\"><img fetchpriority=\"high\" fetchpriority=\"high\" decoding=\"async\" width=\"1024\" height=\"683\" data-id=\"5586\" src=\"https:\/\/tamarana.pr.gov.br\/novo\/wp-content\/uploads\/2026\/04\/DSC_0009-1024x683.jpg\" alt=\"\" class=\"wp-image-5586\" srcset=\"https:\/\/tamarana.pr.gov.br\/novo\/wp-content\/uploads\/2026\/04\/DSC_0009-1024x683.jpg 1024w, https:\/\/tamarana.pr.gov.br\/novo\/wp-content\/uploads\/2026\/04\/DSC_0009-300x200.jpg 300w, https:\/\/tamarana.pr.gov.br\/novo\/wp-content\/uploads\/2026\/04\/DSC_0009-768x512.jpg 768w, https:\/\/tamarana.pr.gov.br\/novo\/wp-content\/uploads\/2026\/04\/DSC_0009-1536x1024.jpg 1536w, https:\/\/tamarana.pr.gov.br\/novo\/wp-content\/uploads\/2026\/04\/DSC_0009-2048x1365.jpg 2048w\" sizes=\"(max-width: 1024px) 100vw, 1024px\" \/><\/figure>\n\n\n\n<figure class=\"wp-block-image size-large\"><img decoding=\"async\" width=\"1024\" height=\"683\" data-id=\"5587\" src=\"https:\/\/tamarana.pr.gov.br\/novo\/wp-content\/uploads\/2026\/04\/DSC_0041-1024x683.jpg\" alt=\"\" class=\"wp-image-5587\" srcset=\"https:\/\/tamarana.pr.gov.br\/novo\/wp-content\/uploads\/2026\/04\/DSC_0041-1024x683.jpg 1024w, https:\/\/tamarana.pr.gov.br\/novo\/wp-content\/uploads\/2026\/04\/DSC_0041-300x200.jpg 300w, https:\/\/tamarana.pr.gov.br\/novo\/wp-content\/uploads\/2026\/04\/DSC_0041-768x512.jpg 768w, https:\/\/tamarana.pr.gov.br\/novo\/wp-content\/uploads\/2026\/04\/DSC_0041-1536x1024.jpg 1536w, https:\/\/tamarana.pr.gov.br\/novo\/wp-content\/uploads\/2026\/04\/DSC_0041-2048x1365.jpg 2048w\" sizes=\"(max-width: 1024px) 100vw, 1024px\" \/><\/figure>\n\n\n\n<figure class=\"wp-block-image size-large\"><img decoding=\"async\" width=\"683\" height=\"1024\" data-id=\"5588\" src=\"https:\/\/tamarana.pr.gov.br\/novo\/wp-content\/uploads\/2026\/04\/DSC_0079-683x1024.jpg\" alt=\"\" class=\"wp-image-5588\" srcset=\"https:\/\/tamarana.pr.gov.br\/novo\/wp-content\/uploads\/2026\/04\/DSC_0079-683x1024.jpg 683w, https:\/\/tamarana.pr.gov.br\/novo\/wp-content\/uploads\/2026\/04\/DSC_0079-200x300.jpg 200w, https:\/\/tamarana.pr.gov.br\/novo\/wp-content\/uploads\/2026\/04\/DSC_0079-768x1152.jpg 768w, https:\/\/tamarana.pr.gov.br\/novo\/wp-content\/uploads\/2026\/04\/DSC_0079-1024x1536.jpg 1024w, https:\/\/tamarana.pr.gov.br\/novo\/wp-content\/uploads\/2026\/04\/DSC_0079-1365x2048.jpg 1365w, https:\/\/tamarana.pr.gov.br\/novo\/wp-content\/uploads\/2026\/04\/DSC_0079-scaled.jpg 1707w\" sizes=\"(max-width: 683px) 100vw, 683px\" \/><\/figure>\n\n\n\n<figure class=\"wp-block-image size-large\"><img loading=\"lazy\" loading=\"lazy\" decoding=\"async\" width=\"1024\" height=\"683\" data-id=\"5589\" src=\"https:\/\/tamarana.pr.gov.br\/novo\/wp-content\/uploads\/2026\/04\/DSC_0103-1024x683.jpg\" alt=\"\" class=\"wp-image-5589\" srcset=\"https:\/\/tamarana.pr.gov.br\/novo\/wp-content\/uploads\/2026\/04\/DSC_0103-1024x683.jpg 1024w, https:\/\/tamarana.pr.gov.br\/novo\/wp-content\/uploads\/2026\/04\/DSC_0103-300x200.jpg 300w, https:\/\/tamarana.pr.gov.br\/novo\/wp-content\/uploads\/2026\/04\/DSC_0103-768x512.jpg 768w, https:\/\/tamarana.pr.gov.br\/novo\/wp-content\/uploads\/2026\/04\/DSC_0103-1536x1024.jpg 1536w, https:\/\/tamarana.pr.gov.br\/novo\/wp-content\/uploads\/2026\/04\/DSC_0103-2048x1365.jpg 2048w\" sizes=\"auto, (max-width: 1024px) 100vw, 1024px\" \/><\/figure>\n<\/figure>\n\t\t<\/div>\n\t\t\t\t<\/article>\n\t\t\t\t<article class=\"elementor-post elementor-grid-item post-5577 post type-post status-publish format-standard hentry category-noticias\" role=\"listitem\">\n\t\t\t\t<div class=\"elementor-post__text\">\n\t\t\t\t<h3 class=\"elementor-post__title\">\n\t\t\t<a href=\"https:\/\/tamarana.pr.gov.br\/novo\/%f0%9f%93%a2-nova-chamada-pre-conferencia-municipal-de-saude\/\" >\n\t\t\t\t&#x1f4e2; NOVA CHAMADA \u2013 PR\u00c9-CONFER\u00caNCIA MUNICIPAL DE SA\u00daDE\t\t\t<\/a>\n\t\t<\/h3>\n\t\t\t\t<div class=\"elementor-post__meta-data\">\n\t\t\t\t\t<span class=\"elementor-post-date\">\n\t\t\t24 de abril de 2026\t\t<\/span>\n\t\t\t\t<\/div>\n\t\t\n<figure class=\"wp-block-image size-full\"><img loading=\"lazy\" loading=\"lazy\" decoding=\"async\" width=\"1024\" height=\"1024\" src=\"https:\/\/tamarana.pr.gov.br\/novo\/wp-content\/uploads\/2026\/04\/Pre-Conferencia-Trabalhador-do-SUS.png\" alt=\"\" class=\"wp-image-5578\" srcset=\"https:\/\/tamarana.pr.gov.br\/novo\/wp-content\/uploads\/2026\/04\/Pre-Conferencia-Trabalhador-do-SUS.png 1024w, https:\/\/tamarana.pr.gov.br\/novo\/wp-content\/uploads\/2026\/04\/Pre-Conferencia-Trabalhador-do-SUS-300x300.png 300w, https:\/\/tamarana.pr.gov.br\/novo\/wp-content\/uploads\/2026\/04\/Pre-Conferencia-Trabalhador-do-SUS-150x150.png 150w, https:\/\/tamarana.pr.gov.br\/novo\/wp-content\/uploads\/2026\/04\/Pre-Conferencia-Trabalhador-do-SUS-768x768.png 768w\" sizes=\"auto, (max-width: 1024px) 100vw, 1024px\" \/><\/figure>\n\n\n\n<p>Devido \u00e0 aus\u00eancia de qu\u00f3rum na \u00faltima quarta-feira (22\/04), n\u00e3o foi poss\u00edvel realizar a Pr\u00e9-Confer\u00eancia do segmento de profissionais de sa\u00fade. Por isso, a <strong>Secretaria Municipal de Sa\u00fade<\/strong>, juntamente com o <strong>Conselho Municipal de Sa\u00fade de Tamarana<\/strong>, refor\u00e7a o convite a todos os <strong>trabalhadores da sa\u00fade do SUS<\/strong> para participarem deste importante momento.<\/p>\n\n\n\n<p><strong>Confira a nova data:<\/strong><\/p>\n\n\n\n<p>&#x1f5d3; <strong>Data:<\/strong> 29\/04 (quarta-feira)<br>&#x23f0; <strong>Hor\u00e1rio:<\/strong> 15h30<br>&#x1f4cd; <strong>Local: <\/strong>Sal\u00e3o de Reuni\u00f5es da UBS Pl\u00ednio P. Ara\u00fajo (Centro)<\/p>\n\n\n\n<p>&#x1f465; <strong>P\u00fablico:<\/strong> Trabalhadores da sa\u00fade do SUS<\/p>\n\n\n\n<p>&#x1f4ac; Este \u00e9 um espa\u00e7o democr\u00e1tico para ouvir quem est\u00e1 na linha de frente do atendimento, discutir desafios e propor melhorias para a popula\u00e7\u00e3o.<\/p>\n\n\n\n<p>&#x1fa7a; <strong>Tema nacional:<\/strong><br>\u201cSa\u00fade, Democracia, Soberania e SUS: Cuidar do povo \u00e9 cuidar do Brasil\u201d<\/p>\n\n\n\n<p>Sua participa\u00e7\u00e3o \u00e9 essencial! Vamos juntos fortalecer o SUS e construir uma sa\u00fade p\u00fablica cada vez melhor para todos. &#x1f499;<\/p>\n\n\n\n<h5 class=\"wp-block-heading\">#prefeituradetamarana<\/h5>\n\n\n\n<h5 class=\"wp-block-heading\">#smsdetamarana<\/h5>\n\n\n\n<h5 class=\"wp-block-heading\">#cmsdetamarana<\/h5>\n\t\t<\/div>\n\t\t\t\t<\/article>\n\t\t\t\t<article class=\"elementor-post elementor-grid-item post-5568 post type-post status-publish format-standard hentry category-noticias category-sem-categoria\" role=\"listitem\">\n\t\t\t\t<div class=\"elementor-post__text\">\n\t\t\t\t<h3 class=\"elementor-post__title\">\n\t\t\t<a href=\"https:\/\/tamarana.pr.gov.br\/novo\/comemoracao-do-dia-dos-indigenas-reune-centenas-de-pessoas-em-tamarana\/\" >\n\t\t\t\tComemora\u00e7\u00e3o do Dia dos Ind\u00edgenas re\u00fane centenas de pessoas em Tamarana\t\t\t<\/a>\n\t\t<\/h3>\n\t\t\t\t<div class=\"elementor-post__meta-data\">\n\t\t\t\t\t<span class=\"elementor-post-date\">\n\t\t\t23 de abril de 2026\t\t<\/span>\n\t\t\t\t<\/div>\n\t\t\n<p>Em comemora\u00e7\u00e3o ao Dia dos Povos Ind\u00edgenas, a Terra Ind\u00edgena do Apucaraninha realizou uma festa que reuniu centenas de pessoas com o intuito de valorizar a cultura, a hist\u00f3ria e a resist\u00eancia dos povos origin\u00e1rios. O evento ocorreu entre os dias 16 a 19 de abril. <\/p>\n\n\n\n<p>A prefeita Luzia Harue Suzukawa participou do evento, refor\u00e7ando o compromisso com o respeito, o reconhecimento e a valoriza\u00e7\u00e3o dos povos ind\u00edgenas do munic\u00edpio.<\/p>\n\n\n\n<p>Uma data para refletir, aprender e reconhecer a import\u00e2ncia dos povos ind\u00edgenas na constru\u00e7\u00e3o da nossa hist\u00f3ria.<\/p>\n\n\n\n<figure class=\"wp-block-gallery has-nested-images columns-default is-cropped wp-block-gallery-2 is-layout-flex wp-block-gallery-is-layout-flex\">\n<figure class=\"wp-block-image size-large\"><img loading=\"lazy\" loading=\"lazy\" decoding=\"async\" width=\"1024\" height=\"683\" data-id=\"5569\" src=\"https:\/\/tamarana.pr.gov.br\/novo\/wp-content\/uploads\/2026\/04\/IMG_7697-1024x683.jpg\" alt=\"\" class=\"wp-image-5569\" srcset=\"https:\/\/tamarana.pr.gov.br\/novo\/wp-content\/uploads\/2026\/04\/IMG_7697-1024x683.jpg 1024w, https:\/\/tamarana.pr.gov.br\/novo\/wp-content\/uploads\/2026\/04\/IMG_7697-300x200.jpg 300w, https:\/\/tamarana.pr.gov.br\/novo\/wp-content\/uploads\/2026\/04\/IMG_7697-768x512.jpg 768w, https:\/\/tamarana.pr.gov.br\/novo\/wp-content\/uploads\/2026\/04\/IMG_7697-1536x1024.jpg 1536w, https:\/\/tamarana.pr.gov.br\/novo\/wp-content\/uploads\/2026\/04\/IMG_7697-2048x1365.jpg 2048w\" sizes=\"auto, (max-width: 1024px) 100vw, 1024px\" \/><\/figure>\n\n\n\n<figure class=\"wp-block-image size-large\"><img loading=\"lazy\" loading=\"lazy\" decoding=\"async\" width=\"1024\" height=\"683\" data-id=\"5570\" src=\"https:\/\/tamarana.pr.gov.br\/novo\/wp-content\/uploads\/2026\/04\/IMG_7719-1024x683.jpg\" alt=\"\" class=\"wp-image-5570\" srcset=\"https:\/\/tamarana.pr.gov.br\/novo\/wp-content\/uploads\/2026\/04\/IMG_7719-1024x683.jpg 1024w, https:\/\/tamarana.pr.gov.br\/novo\/wp-content\/uploads\/2026\/04\/IMG_7719-300x200.jpg 300w, https:\/\/tamarana.pr.gov.br\/novo\/wp-content\/uploads\/2026\/04\/IMG_7719-768x512.jpg 768w, https:\/\/tamarana.pr.gov.br\/novo\/wp-content\/uploads\/2026\/04\/IMG_7719-1536x1024.jpg 1536w, https:\/\/tamarana.pr.gov.br\/novo\/wp-content\/uploads\/2026\/04\/IMG_7719-2048x1365.jpg 2048w\" sizes=\"auto, (max-width: 1024px) 100vw, 1024px\" \/><\/figure>\n\n\n\n<figure class=\"wp-block-image size-large\"><img loading=\"lazy\" loading=\"lazy\" decoding=\"async\" width=\"1024\" height=\"683\" data-id=\"5571\" src=\"https:\/\/tamarana.pr.gov.br\/novo\/wp-content\/uploads\/2026\/04\/IMG_7725-1024x683.jpg\" alt=\"\" class=\"wp-image-5571\" srcset=\"https:\/\/tamarana.pr.gov.br\/novo\/wp-content\/uploads\/2026\/04\/IMG_7725-1024x683.jpg 1024w, https:\/\/tamarana.pr.gov.br\/novo\/wp-content\/uploads\/2026\/04\/IMG_7725-300x200.jpg 300w, https:\/\/tamarana.pr.gov.br\/novo\/wp-content\/uploads\/2026\/04\/IMG_7725-768x512.jpg 768w, https:\/\/tamarana.pr.gov.br\/novo\/wp-content\/uploads\/2026\/04\/IMG_7725-1536x1024.jpg 1536w, https:\/\/tamarana.pr.gov.br\/novo\/wp-content\/uploads\/2026\/04\/IMG_7725-2048x1365.jpg 2048w\" sizes=\"auto, (max-width: 1024px) 100vw, 1024px\" \/><\/figure>\n\n\n\n<figure class=\"wp-block-image size-large\"><img loading=\"lazy\" loading=\"lazy\" decoding=\"async\" width=\"1024\" height=\"683\" data-id=\"5572\" src=\"https:\/\/tamarana.pr.gov.br\/novo\/wp-content\/uploads\/2026\/04\/IMG_7734-1024x683.jpg\" alt=\"\" class=\"wp-image-5572\" srcset=\"https:\/\/tamarana.pr.gov.br\/novo\/wp-content\/uploads\/2026\/04\/IMG_7734-1024x683.jpg 1024w, https:\/\/tamarana.pr.gov.br\/novo\/wp-content\/uploads\/2026\/04\/IMG_7734-300x200.jpg 300w, https:\/\/tamarana.pr.gov.br\/novo\/wp-content\/uploads\/2026\/04\/IMG_7734-768x512.jpg 768w, https:\/\/tamarana.pr.gov.br\/novo\/wp-content\/uploads\/2026\/04\/IMG_7734-1536x1024.jpg 1536w, https:\/\/tamarana.pr.gov.br\/novo\/wp-content\/uploads\/2026\/04\/IMG_7734-2048x1365.jpg 2048w\" sizes=\"auto, (max-width: 1024px) 100vw, 1024px\" \/><\/figure>\n<\/figure>\n\t\t<\/div>\n\t\t\t\t<\/article>\n\t\t\t\t<article class=\"elementor-post elementor-grid-item post-5548 post type-post status-publish format-standard hentry category-noticias\" role=\"listitem\">\n\t\t\t\t<div class=\"elementor-post__text\">\n\t\t\t\t<h3 class=\"elementor-post__title\">\n\t\t\t<a href=\"https:\/\/tamarana.pr.gov.br\/novo\/coamo-abre-oficialmente-as-operacoes-em-tamarana\/\" >\n\t\t\t\tCoamo abre oficialmente as opera\u00e7\u00f5es em Tamarana\t\t\t<\/a>\n\t\t<\/h3>\n\t\t\t\t<div class=\"elementor-post__meta-data\">\n\t\t\t\t\t<span class=\"elementor-post-date\">\n\t\t\t17 de abril de 2026\t\t<\/span>\n\t\t\t\t<\/div>\n\t\t\n<p>A diretoria da Coamo Cooperativa Agroindustrial realizou na sexta-feira (17) a inaugura\u00e7\u00e3o oficial dos trabalhos da cooperativa no munic\u00edpio. O evento reuniu mais de 200 produtores da regi\u00e3o, segundo a organiza\u00e7\u00e3o.<br>A inaugura\u00e7\u00e3o contou tamb\u00e9m com a presen\u00e7a da prefeita Luzia Suzukawa, que representou o munic\u00edpio.<\/p>\n\n\n\n<p>Em seu discurso, a prefeita parabenizou o trabalho da cooperativa e refor\u00e7ou a import\u00e2ncia de uma parceria pautada na honestidade, \u00e9tica, transpar\u00eancia e colabora\u00e7\u00e3o m\u00fatua entre a Coamo e o Munic\u00edpio. \u201cEu prevejo melhorias e expectativas de que dias melhores vir\u00e3o. Acredito que o agro n\u00e3o pode perder a sua esperan\u00e7a porque \u00e9 o agro que sustenta a nossa na\u00e7\u00e3o e sustenta o mundo\u201d, destacou.<\/p>\n\n\n\n<p>A prefeita completou que a prefeitura de Tamarana est\u00e1 \u00e0 disposi\u00e7\u00e3o nessa parceria. \u201cAndaremos juntos, unidos e de m\u00e3os dadas para trazer crescimento, desenvolvimento e prosperidade para o nosso munic\u00edpio\u201d. A prefeita acrescentou que a Coamo chegou para melhorar e aumentar a prosperidade.<\/p>\n\n\n\n<p><strong>Instala\u00e7\u00e3o<\/strong><br><strong><br><\/strong>O presidente executivo da Coamo, Airton Galinari, afirmou em seu discurso que o prop\u00f3sito da cooperativa \u00e9 trazer um pacote de servi\u00e7os como assist\u00eancia t\u00e9cnica e apoio administrativo, com seguran\u00e7a, neg\u00f3cios e solidez. O presidente do Conselho de Administra\u00e7\u00e3o da Coamo e Credicoamo, Jos\u00e9 Aroldo Gallassini, acrescentou que a chegada da Coamo vai trazer benef\u00edcios e propiciar desenvolvimento na vida dos cooperados no munic\u00edpio. Gallassini destacou que tem a certeza do sucesso da Coamo em parceria com os produtores.<\/p>\n\n\n\n<figure class=\"wp-block-gallery has-nested-images columns-default is-cropped wp-block-gallery-3 is-layout-flex wp-block-gallery-is-layout-flex\">\n<figure class=\"wp-block-image size-large\"><img loading=\"lazy\" loading=\"lazy\" decoding=\"async\" width=\"683\" height=\"1024\" data-id=\"5549\" src=\"https:\/\/tamarana.pr.gov.br\/novo\/wp-content\/uploads\/2026\/04\/IMG_7633-683x1024.jpg\" alt=\"\" class=\"wp-image-5549\" srcset=\"https:\/\/tamarana.pr.gov.br\/novo\/wp-content\/uploads\/2026\/04\/IMG_7633-683x1024.jpg 683w, https:\/\/tamarana.pr.gov.br\/novo\/wp-content\/uploads\/2026\/04\/IMG_7633-200x300.jpg 200w, https:\/\/tamarana.pr.gov.br\/novo\/wp-content\/uploads\/2026\/04\/IMG_7633-768x1152.jpg 768w, https:\/\/tamarana.pr.gov.br\/novo\/wp-content\/uploads\/2026\/04\/IMG_7633-1024x1536.jpg 1024w, https:\/\/tamarana.pr.gov.br\/novo\/wp-content\/uploads\/2026\/04\/IMG_7633-1365x2048.jpg 1365w, https:\/\/tamarana.pr.gov.br\/novo\/wp-content\/uploads\/2026\/04\/IMG_7633-scaled.jpg 1707w\" sizes=\"auto, (max-width: 683px) 100vw, 683px\" \/><\/figure>\n\n\n\n<figure class=\"wp-block-image size-large\"><img loading=\"lazy\" loading=\"lazy\" decoding=\"async\" width=\"1024\" height=\"683\" data-id=\"5550\" src=\"https:\/\/tamarana.pr.gov.br\/novo\/wp-content\/uploads\/2026\/04\/IMG_7642-1024x683.jpg\" alt=\"\" class=\"wp-image-5550\" srcset=\"https:\/\/tamarana.pr.gov.br\/novo\/wp-content\/uploads\/2026\/04\/IMG_7642-1024x683.jpg 1024w, https:\/\/tamarana.pr.gov.br\/novo\/wp-content\/uploads\/2026\/04\/IMG_7642-300x200.jpg 300w, https:\/\/tamarana.pr.gov.br\/novo\/wp-content\/uploads\/2026\/04\/IMG_7642-768x512.jpg 768w, https:\/\/tamarana.pr.gov.br\/novo\/wp-content\/uploads\/2026\/04\/IMG_7642-1536x1024.jpg 1536w, https:\/\/tamarana.pr.gov.br\/novo\/wp-content\/uploads\/2026\/04\/IMG_7642-2048x1365.jpg 2048w\" sizes=\"auto, (max-width: 1024px) 100vw, 1024px\" \/><\/figure>\n\n\n\n<figure class=\"wp-block-image size-large\"><img loading=\"lazy\" loading=\"lazy\" decoding=\"async\" width=\"1024\" height=\"683\" data-id=\"5551\" src=\"https:\/\/tamarana.pr.gov.br\/novo\/wp-content\/uploads\/2026\/04\/IMG_7655-1024x683.jpg\" alt=\"\" class=\"wp-image-5551\" srcset=\"https:\/\/tamarana.pr.gov.br\/novo\/wp-content\/uploads\/2026\/04\/IMG_7655-1024x683.jpg 1024w, https:\/\/tamarana.pr.gov.br\/novo\/wp-content\/uploads\/2026\/04\/IMG_7655-300x200.jpg 300w, https:\/\/tamarana.pr.gov.br\/novo\/wp-content\/uploads\/2026\/04\/IMG_7655-768x512.jpg 768w, https:\/\/tamarana.pr.gov.br\/novo\/wp-content\/uploads\/2026\/04\/IMG_7655-1536x1024.jpg 1536w, https:\/\/tamarana.pr.gov.br\/novo\/wp-content\/uploads\/2026\/04\/IMG_7655-2048x1365.jpg 2048w\" sizes=\"auto, (max-width: 1024px) 100vw, 1024px\" \/><\/figure>\n\n\n\n<figure class=\"wp-block-image size-large\"><img loading=\"lazy\" loading=\"lazy\" decoding=\"async\" width=\"1024\" height=\"683\" data-id=\"5552\" src=\"https:\/\/tamarana.pr.gov.br\/novo\/wp-content\/uploads\/2026\/04\/IMG_7659-1024x683.jpg\" alt=\"\" class=\"wp-image-5552\" srcset=\"https:\/\/tamarana.pr.gov.br\/novo\/wp-content\/uploads\/2026\/04\/IMG_7659-1024x683.jpg 1024w, https:\/\/tamarana.pr.gov.br\/novo\/wp-content\/uploads\/2026\/04\/IMG_7659-300x200.jpg 300w, https:\/\/tamarana.pr.gov.br\/novo\/wp-content\/uploads\/2026\/04\/IMG_7659-768x512.jpg 768w, https:\/\/tamarana.pr.gov.br\/novo\/wp-content\/uploads\/2026\/04\/IMG_7659-1536x1024.jpg 1536w, https:\/\/tamarana.pr.gov.br\/novo\/wp-content\/uploads\/2026\/04\/IMG_7659-2048x1365.jpg 2048w\" sizes=\"auto, (max-width: 1024px) 100vw, 1024px\" \/><\/figure>\n\n\n\n<figure class=\"wp-block-image size-large\"><img loading=\"lazy\" loading=\"lazy\" decoding=\"async\" width=\"1024\" height=\"683\" data-id=\"5553\" src=\"https:\/\/tamarana.pr.gov.br\/novo\/wp-content\/uploads\/2026\/04\/IMG_7665-1024x683.jpg\" alt=\"\" class=\"wp-image-5553\" srcset=\"https:\/\/tamarana.pr.gov.br\/novo\/wp-content\/uploads\/2026\/04\/IMG_7665-1024x683.jpg 1024w, https:\/\/tamarana.pr.gov.br\/novo\/wp-content\/uploads\/2026\/04\/IMG_7665-300x200.jpg 300w, https:\/\/tamarana.pr.gov.br\/novo\/wp-content\/uploads\/2026\/04\/IMG_7665-768x512.jpg 768w, https:\/\/tamarana.pr.gov.br\/novo\/wp-content\/uploads\/2026\/04\/IMG_7665-1536x1024.jpg 1536w, https:\/\/tamarana.pr.gov.br\/novo\/wp-content\/uploads\/2026\/04\/IMG_7665-2048x1365.jpg 2048w\" sizes=\"auto, (max-width: 1024px) 100vw, 1024px\" \/><\/figure>\n<\/figure>\n\t\t<\/div>\n\t\t\t\t<\/article>\n\t\t\t\t<article class=\"elementor-post elementor-grid-item post-5538 post type-post status-publish format-standard hentry category-noticias\" role=\"listitem\">\n\t\t\t\t<div class=\"elementor-post__text\">\n\t\t\t\t<h3 class=\"elementor-post__title\">\n\t\t\t<a href=\"https:\/\/tamarana.pr.gov.br\/novo\/justica-no-bairro-amplia-acesso-a-testes-e-orientacoes-de-saude\/\" >\n\t\t\t\tJusti\u00e7a no Bairro amplia acesso a testes e orienta\u00e7\u00f5es de sa\u00fade\t\t\t<\/a>\n\t\t<\/h3>\n\t\t\t\t<div class=\"elementor-post__meta-data\">\n\t\t\t\t\t<span class=\"elementor-post-date\">\n\t\t\t16 de abril de 2026\t\t<\/span>\n\t\t\t\t<\/div>\n\t\t\n<p>A unidade m\u00f3vel de sa\u00fade presente no Justi\u00e7a no Bairro, realizado em 14 de abril, ofertou testes r\u00e1pidos para identifica\u00e7\u00e3o de doen\u00e7as como hepatite B e C, HIV e s\u00edfilis. A iniciativa refor\u00e7ou a import\u00e2ncia da preven\u00e7\u00e3o e o acesso aos servi\u00e7os dispon\u00edveis nas unidades b\u00e1sicas de sa\u00fade. A identifica\u00e7\u00e3o precoce contribui para reduzir riscos de complica\u00e7\u00f5es e possibilita o encaminhamento para acompanhamento na rede p\u00fablica.<\/p>\n\n\n\n<p>O evento contou com a participa\u00e7\u00e3o de dois t\u00e9cnicos da regional da sa\u00fade. Um deles, \u00e9 o enfermeiro da 17\u00aa Regional de Sa\u00fade, Luiz Toshio Ueda, que afirmou que a a\u00e7\u00e3o ampliou o acesso da popula\u00e7\u00e3o aos atendimentos. Segundo ele, parte dos moradores n\u00e3o procura as unidades e desconhece a oferta de exames gratuitos. As equipes realizam testes r\u00e1pidos para hepatites B e C, s\u00edfilis e HIV em pessoas a partir de 14 anos, com orienta\u00e7\u00e3o sobre preven\u00e7\u00e3o e, quando necess\u00e1rio, encaminhamento para continuidade do cuidado.<\/p>\n\n\n\n<p>A secret\u00e1ria de Sa\u00fade, Viviane Granado Barreira da Silva, informou que os exames est\u00e3o dispon\u00edveis nas unidades b\u00e1sicas do munic\u00edpio. De acordo com ela, quem n\u00e3o realizou o procedimento durante o evento pode buscar atendimento em uma UBS. O servi\u00e7o inclui testagem r\u00e1pida e acesso \u00e0s orienta\u00e7\u00f5es sobre preven\u00e7\u00e3o e cuidados cont\u00ednuos.<\/p>\n\n\n\n<figure class=\"wp-block-image size-large\"><img loading=\"lazy\" loading=\"lazy\" decoding=\"async\" width=\"1024\" height=\"768\" src=\"https:\/\/tamarana.pr.gov.br\/novo\/wp-content\/uploads\/2026\/04\/WhatsApp-Image-2026-04-16-at-11.49.56-1024x768.jpeg\" alt=\"\" class=\"wp-image-5539\" srcset=\"https:\/\/tamarana.pr.gov.br\/novo\/wp-content\/uploads\/2026\/04\/WhatsApp-Image-2026-04-16-at-11.49.56-1024x768.jpeg 1024w, https:\/\/tamarana.pr.gov.br\/novo\/wp-content\/uploads\/2026\/04\/WhatsApp-Image-2026-04-16-at-11.49.56-300x225.jpeg 300w, https:\/\/tamarana.pr.gov.br\/novo\/wp-content\/uploads\/2026\/04\/WhatsApp-Image-2026-04-16-at-11.49.56-768x576.jpeg 768w, https:\/\/tamarana.pr.gov.br\/novo\/wp-content\/uploads\/2026\/04\/WhatsApp-Image-2026-04-16-at-11.49.56-1536x1152.jpeg 1536w, https:\/\/tamarana.pr.gov.br\/novo\/wp-content\/uploads\/2026\/04\/WhatsApp-Image-2026-04-16-at-11.49.56.jpeg 1600w\" sizes=\"auto, (max-width: 1024px) 100vw, 1024px\" \/><\/figure>\n\t\t<\/div>\n\t\t\t\t<\/article>\n\t\t\t\t<article class=\"elementor-post elementor-grid-item post-5535 post type-post status-publish format-standard hentry category-noticias\" role=\"listitem\">\n\t\t\t\t<div class=\"elementor-post__text\">\n\t\t\t\t<h3 class=\"elementor-post__title\">\n\t\t\t<a href=\"https:\/\/tamarana.pr.gov.br\/novo\/atencao-trabalhadora-da-saude-de-tamarana\/\" >\n\t\t\t\tATEN\u00c7\u00c3O, TRABALHADOR(A) DA SA\u00daDE DE TAMARANA!\t\t\t<\/a>\n\t\t<\/h3>\n\t\t\t\t<div class=\"elementor-post__meta-data\">\n\t\t\t\t\t<span class=\"elementor-post-date\">\n\t\t\t15 de abril de 2026\t\t<\/span>\n\t\t\t\t<\/div>\n\t\t\n<p>A Secretaria Municipal de Sa\u00fade e o Conselho Municipal de Sa\u00fade (CMS) convidam voc\u00ea para participar da Pr\u00e9-Confer\u00eancia Municipal de Sa\u00fade.<\/p>\n\n\n\n<p>Este \u00e9 um espa\u00e7o democr\u00e1tico e fundamental para ouvirmos as experi\u00eancias de quem est\u00e1 no dia a dia do atendimento, identificando desafios e propondo melhorias tanto para a popula\u00e7\u00e3o quanto para as condi\u00e7\u00f5es de trabalho dos profissionais.<\/p>\n\n\n\n<p>&#x1f5d3; <strong>Anote na agenda e participe!<\/strong><\/p>\n\n\n\n<p>&#x2705; <strong>P\u00fablico:<\/strong> Trabalhadores da Sa\u00fade (SUS e setor privado)<br>&#x2705; <strong>Data:<\/strong> 22 de abril de 2026<br>&#x2705; <strong>Hor\u00e1rio:<\/strong> 17h00<br>&#x2705; <strong>Local:<\/strong> Sala de reuni\u00f5es da UBS Pe. Carmel Bezzina<\/p>\n\n\n\n<p>Com o tema nacional <em>\u201cSa\u00fade, Democracia, Soberania e SUS: cuidar do povo \u00e9 cuidar do Brasil\u201d<\/em>, sua presen\u00e7a e contribui\u00e7\u00e3o s\u00e3o indispens\u00e1veis para avan\u00e7armos na qualifica\u00e7\u00e3o do sistema em nosso munic\u00edpio.<\/p>\n\n\n\n<p>Contamos com a sua participa\u00e7\u00e3o! Compartilhe com seus colegas de trabalho.<\/p>\n\n\n\n<p><em>#prefeituradetamarana     #smsdetamarana       #cmsdetamarana<\/em><\/p>\n\n\n\n<figure class=\"wp-block-image size-full\"><img loading=\"lazy\" loading=\"lazy\" decoding=\"async\" width=\"1024\" height=\"1024\" src=\"https:\/\/tamarana.pr.gov.br\/novo\/wp-content\/uploads\/2026\/04\/Pre-Conferencia-de-Saude-Trabalhador.png\" alt=\"\" class=\"wp-image-5536\" srcset=\"https:\/\/tamarana.pr.gov.br\/novo\/wp-content\/uploads\/2026\/04\/Pre-Conferencia-de-Saude-Trabalhador.png 1024w, https:\/\/tamarana.pr.gov.br\/novo\/wp-content\/uploads\/2026\/04\/Pre-Conferencia-de-Saude-Trabalhador-300x300.png 300w, https:\/\/tamarana.pr.gov.br\/novo\/wp-content\/uploads\/2026\/04\/Pre-Conferencia-de-Saude-Trabalhador-150x150.png 150w, https:\/\/tamarana.pr.gov.br\/novo\/wp-content\/uploads\/2026\/04\/Pre-Conferencia-de-Saude-Trabalhador-768x768.png 768w\" sizes=\"auto, (max-width: 1024px) 100vw, 1024px\" \/><\/figure>\n\t\t<\/div>\n\t\t\t\t<\/article>\n\t\t\t\t<\/div>\n\t\t\t\t\t<span class=\"e-load-more-spinner\">\n\t\t\t\t<i aria-hidden=\"true\" class=\"fas fa-spinner\"><\/i>\t\t\t<\/span>\n\t\t\n\t\t\t\t<div class=\"e-load-more-anchor\" data-page=\"1\" data-max-page=\"11\" data-next-page=\"https:\/\/tamarana.pr.gov.br\/novo\/wp-json\/wp\/v2\/pages\/235\/page\/2\/\"><\/div>\n\t\t\t\t<div class=\"elementor-button-wrapper\">\n\t\t\t<a class=\"elementor-button elementor-size-sm\" role=\"button\">\n\t\t\t\t\t\t<span class=\"elementor-button-content-wrapper\">\n\t\t\t\t\t\t\t\t\t<span class=\"elementor-button-text\">Ver +<\/span>\n\t\t\t\t\t<\/span>\n\t\t\t\t\t<\/a>\n\t\t<\/div>\n\t\t\t\t<div class=\"e-load-more-message\"><\/div>\n\t\t\t\t\t\t<\/div>\n\t\t\t\t<\/div>\n\t\t\t\t\t<\/div>\n\t\t<\/div>\n\t\t\t\t\t<\/div>\n\t\t<\/section>\n\t\t\t\t<\/div>\n\t\t","protected":false},"excerpt":{"rendered":"<p>Todas as not\u00edcias<\/p>\n","protected":false},"author":1,"featured_media":0,"parent":0,"menu_order":0,"comment_status":"closed","ping_status":"closed","template":"elementor_header_footer","meta":{"_mc_calendar":[],"footnotes":""},"class_list":["post-235","page","type-page","status-publish","hentry"],"_links":{"self":[{"href":"https:\/\/tamarana.pr.gov.br\/novo\/wp-json\/wp\/v2\/pages\/235","targetHints":{"allow":["GET"]}}],"collection":[{"href":"https:\/\/tamarana.pr.gov.br\/novo\/wp-json\/wp\/v2\/pages"}],"about":[{"href":"https:\/\/tamarana.pr.gov.br\/novo\/wp-json\/wp\/v2\/types\/page"}],"author":[{"embeddable":true,"href":"https:\/\/tamarana.pr.gov.br\/novo\/wp-json\/wp\/v2\/users\/1"}],"replies":[{"embeddable":true,"href":"https:\/\/tamarana.pr.gov.br\/novo\/wp-json\/wp\/v2\/comments?post=235"}],"version-history":[{"count":53,"href":"https:\/\/tamarana.pr.gov.br\/novo\/wp-json\/wp\/v2\/pages\/235\/revisions"}],"predecessor-version":[{"id":4493,"href":"https:\/\/tamarana.pr.gov.br\/novo\/wp-json\/wp\/v2\/pages\/235\/revisions\/4493"}],"wp:attachment":[{"href":"https:\/\/tamarana.pr.gov.br\/novo\/wp-json\/wp\/v2\/media?parent=235"}],"curies":[{"name":"wp","href":"https:\/\/api.w.org\/{rel}","templated":true}]}}